{"id":13706,"date":"2021-01-25T15:12:34","date_gmt":"2021-01-25T14:12:34","guid":{"rendered":"http:\/\/webideas.es\/agenturimb\/?page_id=13706"},"modified":"2021-01-28T19:11:24","modified_gmt":"2021-01-28T18:11:24","slug":"home","status":"publish","type":"page","link":"https:\/\/agenturimb.com\/de\/","title":{"rendered":"Home"},"content":{"rendered":"<p><div class=\"fusion-fullwidth fullwidth-box fusion-builder-row-1 fusion-flex-container nonhundred-percent-fullwidth non-hundred-percent-height-scrolling\" style=\"--awb-background-position:left top;--awb-border-sizes-top:0px;--awb-border-sizes-bottom:0px;--awb-border-sizes-left:0px;--awb-border-sizes-right:0px;--awb-border-radius-top-left:0px;--awb-border-radius-top-right:0px;--awb-border-radius-bottom-right:0px;--awb-border-radius-bottom-left:0px;--awb-padding-top:95px;--awb-padding-bottom:20px;--awb-background-color:yes;--awb-flex-wrap:wrap;\" ><div class=\"fusion-builder-row fusion-row fusion-flex-align-items-flex-start fusion-flex-content-wrap\" style=\"max-width:calc( 1170px + 0px );margin-left: calc(-0px \/ 2 );margin-right: calc(-0px \/ 2 );\"><div class=\"fusion-layout-column fusion_builder_column fusion-builder-column-0 fusion_builder_column_1_1 1_1 fusion-flex-column fusion-flex-align-self-flex-start fusion-column-no-min-height\" style=\"--awb-bg-size:cover;--awb-width-large:100%;--awb-margin-top-large:0px;--awb-spacing-right-large:0px;--awb-margin-bottom-large:0px;--awb-spacing-left-large:0px;--awb-width-medium:100%;--awb-spacing-right-medium:0px;--awb-spacing-left-medium:0px;--awb-width-small:100%;--awb-spacing-right-small:0px;--awb-spacing-left-small:0px;\"><div class=\"fusion-column-wrapper fusion-flex-justify-content-flex-start fusion-content-layout-column\"><div class=\"fusion-title title fusion-title-1 fusion-title-text fusion-title-size-one\" style=\"--awb-margin-top-small:0px;--awb-margin-right-small:0px;--awb-margin-bottom-small:20px;--awb-margin-left-small:0px;\"><div class=\"title-sep-container title-sep-container-left fusion-no-large-visibility fusion-no-medium-visibility fusion-no-small-visibility\"><div class=\"title-sep sep- sep-solid\" style=\"border-color:#e0dede;\"><\/div><\/div><span class=\"awb-title-spacer fusion-no-large-visibility fusion-no-medium-visibility fusion-no-small-visibility\"><\/span><h1 class=\"fusion-title-heading title-heading-left\" style=\"margin:0;\"><strong>Agentur IMB<\/strong>: Sch\u00fcleraustausch mit Spanien oder Lateinamerika<\/h1><span class=\"awb-title-spacer\"><\/span><div class=\"title-sep-container title-sep-container-right\"><div class=\"title-sep sep- sep-solid\" style=\"border-color:#e0dede;\"><\/div><\/div><\/div><div class=\"fusion-text fusion-text-1\"><p style=\"text-align: justify;\">Spanisch setzt sich bei uns als 2. Fremdsprache immer mehr durch, daher sind auch Spanien und S\u00fcdamerika f\u00fcr einen Sch\u00fcleraustausch immer beliebter. F\u00fcr einen Sch\u00fcleraustausch oder einen Auslandsaufenthalt in den Ferien zum Lernen einer Fremdsprache gibt es viele Angebote.<\/p>\n<p style=\"text-align: justify;\">Wir bieten interessante und hochqualitative Austauschprogramme f\u00fcr deutsch und spanisch sprechende Sch\u00fcler an. F\u00fcr Teilnehmer die nicht nur eine Sprache lernen, sondern tiefer die Kultur kennenlernen und sich in der Umgebung integrieren wollen. Daf\u00fcr haben wir folgende Programme ins Leben gerufen:<\/p>\n<ol>\n<li style=\"text-align: justify;\">Sch\u00fcleraustausch mit spanischen Familien (Familie und Kultur): f\u00fcr Sch\u00fcler die zwischen zwei bis vier Wochen entweder einen echten Austausch oder nur einen Aufenthalt in Spanien m\u00f6chten.<\/li>\n<li style=\"text-align: justify;\">Schuljahr in Spanien (Schule und Familie): von zwei bis neun Monaten f\u00fcr die Sch\u00fcler die intensiver das Land, die Sprache und Kultur erleben m\u00f6chten.<\/li>\n<li style=\"text-align: justify;\">Sommerlager mit spanischen Sch\u00fclern: f\u00fcr zwei Wochen, es ist ideal f\u00fcr zwei bis drei Freunde, die allein sich nach Spanien nicht trauen und trotzdem 14 Tage Abenteuer mit gro\u00dfartigen Freizeitaktivit\u00e4ten im Sommer erleben m\u00f6chten.<\/li>\n<li style=\"text-align: justify;\">Programm \u00e0 la carte, ideal f\u00fcr Familien die den Urlaub mit Kultur und Sprachen verbinden wollen.<\/li>\n<\/ol>\n<\/div><\/div><\/div><\/div><\/div><div class=\"fusion-fullwidth fullwidth-box fusion-builder-row-2 fusion-flex-container nonhundred-percent-fullwidth non-hundred-percent-height-scrolling\" style=\"--awb-background-position:left top;--awb-border-sizes-top:0px;--awb-border-sizes-bottom:0px;--awb-border-sizes-left:0px;--awb-border-sizes-right:0px;--awb-border-radius-top-left:0px;--awb-border-radius-top-right:0px;--awb-border-radius-bottom-right:0px;--awb-border-radius-bottom-left:0px;--awb-padding-top:50px;--awb-padding-bottom:20px;--awb-background-color:#f9f9f9;--awb-flex-wrap:wrap;\" ><div class=\"fusion-builder-row fusion-row fusion-flex-align-items-flex-start fusion-flex-content-wrap\" style=\"max-width:calc( 1170px + 0px );margin-left: calc(-0px \/ 2 );margin-right: calc(-0px \/ 2 );\"><div class=\"fusion-layout-column fusion_builder_column fusion-builder-column-1 fusion_builder_column_1_1 1_1 fusion-flex-column fusion-flex-align-self-flex-start fusion-column-no-min-height\" style=\"--awb-bg-size:cover;--awb-width-large:100%;--awb-margin-top-large:0px;--awb-spacing-right-large:0px;--awb-margin-bottom-large:0px;--awb-spacing-left-large:0px;--awb-width-medium:100%;--awb-spacing-right-medium:0px;--awb-spacing-left-medium:0px;--awb-width-small:100%;--awb-spacing-right-small:0px;--awb-spacing-left-small:0px;\"><div class=\"fusion-column-wrapper fusion-flex-justify-content-flex-start fusion-content-layout-column\"><div class=\"fusion-title title fusion-title-2 fusion-title-center fusion-title-text fusion-title-size-one\" style=\"--awb-margin-top-small:0px;--awb-margin-right-small:0px;--awb-margin-bottom-small:20px;--awb-margin-left-small:0px;\"><div class=\"title-sep-container title-sep-container-left\"><div class=\"title-sep sep- sep-solid\" style=\"border-color:#e0dede;\"><\/div><\/div><span class=\"awb-title-spacer\"><\/span><h1 class=\"fusion-title-heading title-heading-center\" style=\"margin:0;\"><p style=\"text-align: center;\">Unsere programme<\/p><\/h1><span class=\"awb-title-spacer\"><\/span><div class=\"title-sep-container title-sep-container-right\"><div class=\"title-sep sep- sep-solid\" style=\"border-color:#e0dede;\"><\/div><\/div><\/div><div class=\"fusion-separator fusion-full-width-sep\" style=\"align-self: center;margin-left: auto;margin-right: auto;margin-top:20px;margin-bottom:20px;width:100%;\"><\/div><\/div><\/div><div class=\"fusion-layout-column fusion_builder_column fusion-builder-column-2 fusion_builder_column_1_2 1_2 fusion-flex-column fusion-flex-align-self-flex-start fusion-column-no-min-height\" style=\"--awb-bg-size:cover;--awb-width-large:50%;--awb-margin-top-large:0px;--awb-spacing-right-large:calc( 0.04 * calc( 100% - 0px ) );--awb-margin-bottom-large:0px;--awb-spacing-left-large:0px;--awb-width-medium:100%;--awb-order-medium:0;--awb-spacing-right-medium:0px;--awb-spacing-left-medium:0px;--awb-width-small:100%;--awb-order-small:0;--awb-spacing-right-small:0px;--awb-spacing-left-small:0px;\"><div class=\"fusion-column-wrapper fusion-column-has-shadow fusion-flex-justify-content-flex-start fusion-content-layout-column\"><div class=\"fusion-text fusion-text-2\"><p style=\"text-align: justify;\">F\u00fcr alle Programme steht nur eine begrenzte Anzahl von Pl\u00e4tzen zur Verf\u00fcgung. Deswegen bitten wir Sie, sich rechtzeitig anzumelden.<\/p>\n<ul style=\"text-align: justify;\">\n<li><strong>Familie und Kultur:<\/strong>\u00a0Geeignet f\u00fcr Sch\u00fcler, die an einem Austauschprogramm mit Familien teilnehmen wollen. Dieses Programm setzt auf Individualit\u00e4t und unterst\u00fctzt auf sehr pers\u00f6nliche Art den Aufenthalt im Ausland.<\/li>\n<li><strong>Sommerlager:<\/strong>\u00a0Das deutsch-spanische Sommerlager bietet Sch\u00fclern aus beiden L\u00e4ndern die M\u00f6glichkeit, die jeweilige Kultur, Sprache und neue Freunde kennen zu lernen.<\/li>\n<li style=\"text-align: justify;\"><strong>Familie und Schule:<\/strong>\u00a0Geeignet f\u00fcr Sch\u00fcler, die die 9. oder 10. Klasse besuchen und daran interessiert sind, nicht nur ihr Spanisch zu verbessern, sondern auch die spanische Kultur kennenzulernen. Mit diesem Programm kann man w\u00e4hrend der Schulzeit 1 bis 3 Monate in Spanien verbringen.<\/li>\n<li><strong><strong>Gastfamilien<\/strong><\/strong><strong>:<\/strong> Wir begr\u00fc\u00dfen jedes Jahr zahlreiche Sch\u00fcler aus spanisch sprechenden L\u00e4ndern, die in Deutschland eine Schule besuchen und in einer Gastfamilie leben m\u00f6chten. Deswegen suchen wir immer nach offenen und netten\u00a0<strong>Gastfamilien<\/strong>\u00a0die einen Gastsch\u00fcler, die zu ihnen passt, bei sich aufnehmen m\u00f6chten.<\/li>\n<\/ul>\n<\/div><\/div><\/div><div class=\"fusion-layout-column fusion_builder_column fusion-builder-column-3 fusion_builder_column_1_2 1_2 fusion-flex-column fusion-flex-align-self-flex-start fusion-column-no-min-height\" style=\"--awb-bg-size:cover;--awb-width-large:50%;--awb-margin-top-large:0px;--awb-spacing-right-large:0px;--awb-margin-bottom-large:0px;--awb-spacing-left-large:calc( 0.04 * calc( 100% - 0px ) );--awb-width-medium:100%;--awb-order-medium:0;--awb-spacing-right-medium:0px;--awb-spacing-left-medium:0px;--awb-width-small:100%;--awb-order-small:0;--awb-spacing-right-small:0px;--awb-spacing-left-small:0px;\"><div class=\"fusion-column-wrapper fusion-column-has-shadow fusion-flex-justify-content-flex-start fusion-content-layout-column\"><div class=\"fusion-content-boxes content-boxes columns row fusion-columns-2 fusion-columns-total-4 fusion-content-boxes-1 content-boxes-icon-on-top content-left\" style=\"--awb-body-color:#e5e5e5;--awb-title-color:#ffffff;--awb-hover-accent-color:#000000;--awb-circle-hover-accent-color:#000000;\" data-animationOffset=\"top-into-view\"><div style=\"--awb-backgroundcolor:#e2a900;--awb-iconcolor:#6796bf;\" class=\"fusion-column content-box-column content-box-column content-box-column-1 col-lg-6 col-md-6 col-sm-6 fusion-content-box-hover content-box-column-first-in-row\"><div class=\"col content-box-wrapper content-wrapper-background link-area-link-icon link-type-text icon-hover-animation-fade fusion-animated\" data-animationType=\"fadeInLeft\" data-animationDuration=\"0.1\" data-animationOffset=\"top-into-view\"><div class=\"heading heading-with-icon icon-left\"><a class=\"heading-link\" href=\"https:\/\/agenturimb.com\/de\/familie-und-kultur\/\" target=\"_self\"><div aria-hidden=\"true\" class=\"image\"><img decoding=\"async\" src=\"https:\/\/agenturimb.com\/wp-content\/uploads\/2021\/01\/familia-y-cole-en-verano-Agentur-imb.png\" width=\"801\" height=\"800\" alt=\"\" \/><\/div><h2 class=\"content-box-heading\" style=\"--h2_typography-font-size:18px;line-height:23px;\">Familie und Kultur<\/h2><\/a><\/div><div class=\"fusion-clearfix\"><\/div><a class=\" fusion-read-more\" href=\"https:\/\/agenturimb.com\/de\/familie-und-kultur\/\" target=\"_self\">Weiterlesen<\/a><div class=\"fusion-clearfix\"><\/div><\/div><\/div><div style=\"--awb-backgroundcolor:#86a5d4;--awb-iconcolor:#6796bf;\" class=\"fusion-column content-box-column content-box-column content-box-column-2 col-lg-6 col-md-6 col-sm-6 fusion-content-box-hover content-box-column-last-in-row\"><div class=\"col content-box-wrapper content-wrapper-background link-area-link-icon link-type-text icon-hover-animation-fade fusion-animated\" data-animationType=\"fadeInLeft\" data-animationDuration=\"0.1\" data-animationOffset=\"top-into-view\"><div class=\"heading heading-with-icon icon-left\"><a class=\"heading-link\" href=\"https:\/\/agenturimb.com\/de\/familie-und-schule\/\" target=\"_self\"><div aria-hidden=\"true\" class=\"image\"><img decoding=\"async\" src=\"https:\/\/agenturimb.com\/wp-content\/uploads\/2021\/01\/familia-y-cole-en-cursos-escolsar-Agentur-imb.png\" width=\"800\" height=\"800\" alt=\"\" \/><\/div><h2 class=\"content-box-heading\" style=\"--h2_typography-font-size:18px;line-height:23px;\">Familie und Schule<\/h2><\/a><\/div><div class=\"fusion-clearfix\"><\/div><a class=\" fusion-read-more\" href=\"https:\/\/agenturimb.com\/de\/familie-und-schule\/\" target=\"_self\">Weiterlesen<\/a><div class=\"fusion-clearfix\"><\/div><\/div><\/div><div style=\"--awb-backgroundcolor:#86a5d4;--awb-iconcolor:#6796bf;\" class=\"fusion-column content-box-column content-box-column content-box-column-3 col-lg-6 col-md-6 col-sm-6 fusion-content-box-hover content-box-column-first-in-row\"><div class=\"col content-box-wrapper content-wrapper-background link-area-link-icon link-type-text icon-hover-animation-fade fusion-animated\" data-animationType=\"fadeInLeft\" data-animationDuration=\"0.1\" data-animationOffset=\"top-into-view\"><div class=\"heading heading-with-icon icon-left\"><a class=\"heading-link\" href=\"https:\/\/agenturimb.com\/de\/sommerlager\/\" target=\"_self\"><div aria-hidden=\"true\" class=\"image\"><img decoding=\"async\" src=\"https:\/\/agenturimb.com\/wp-content\/uploads\/2021\/01\/residencia-y-cole-Aleman-Agentur-imb.png\" width=\"801\" height=\"800\" alt=\"\" \/><\/div><h2 class=\"content-box-heading\" style=\"--h2_typography-font-size:18px;line-height:23px;\">Sommerlager<\/h2><\/a><\/div><div class=\"fusion-clearfix\"><\/div><a class=\" fusion-read-more\" href=\"https:\/\/agenturimb.com\/de\/sommerlager\/\" target=\"_self\">Weiterlesen<\/a><div class=\"fusion-clearfix\"><\/div><\/div><\/div><div style=\"--awb-backgroundcolor:#e2a900;--awb-iconcolor:#6796bf;\" class=\"fusion-column content-box-column content-box-column content-box-column-4 col-lg-6 col-md-6 col-sm-6 fusion-content-box-hover content-box-column-last content-box-column-last-in-row\"><div class=\"col content-box-wrapper content-wrapper-background link-area-link-icon link-type-text icon-hover-animation-fade fusion-animated\" data-animationType=\"fadeInLeft\" data-animationDuration=\"0.1\" data-animationOffset=\"top-into-view\"><div class=\"heading heading-with-icon icon-left\"><a class=\"heading-link\" href=\"https:\/\/agenturimb.com\/de\/Gastfamilien\/\" target=\"_self\"><div aria-hidden=\"true\" class=\"image\"><img decoding=\"async\" src=\"https:\/\/agenturimb.com\/wp-content\/uploads\/2021\/01\/Familias-anfitrionas-Agentur-IMB.png\" width=\"801\" height=\"800\" alt=\"\" \/><\/div><h2 class=\"content-box-heading\" style=\"--h2_typography-font-size:18px;line-height:23px;\">Gastfamilien<\/h2><\/a><\/div><div class=\"fusion-clearfix\"><\/div><a class=\" fusion-read-more\" href=\"https:\/\/agenturimb.com\/de\/Gastfamilien\/\" target=\"_self\">Weiterlesen<\/a><div class=\"fusion-clearfix\"><\/div><\/div><\/div><div class=\"fusion-clearfix\"><\/div><\/div><\/div><\/div><div class=\"fusion-layout-column fusion_builder_column fusion-builder-column-4 fusion_builder_column_1_1 1_1 fusion-flex-column fusion-flex-align-self-center\" style=\"--awb-bg-size:cover;--awb-width-large:100%;--awb-margin-top-large:0px;--awb-spacing-right-large:0px;--awb-margin-bottom-large:20px;--awb-spacing-left-large:0px;--awb-width-medium:100%;--awb-order-medium:0;--awb-spacing-right-medium:0px;--awb-spacing-left-medium:0px;--awb-width-small:100%;--awb-order-small:0;--awb-spacing-right-small:0px;--awb-spacing-left-small:0px;\"><div class=\"fusion-column-wrapper fusion-column-has-shadow fusion-flex-justify-content-center fusion-content-layout-column\"><script type=\"text\/javascript\">jQuery(function() { _initLayerSlider( '#layerslider_1_17opildj9371i', {createdWith: '6.11.2', sliderVersion: '6.11.2', allowFullscreen: true, skin: 'v6', sliderFadeInDuration: 350, useSrcset: true, skinsPath: 'https:\/\/agenturimb.com\/wp-content\/plugins\/LayerSlider\/assets\/static\/layerslider\/skins\/', performanceMode: true}); });<\/script><div id=\"layerslider_1_17opildj9371i\"  class=\"ls-wp-container fitvidsignore ls-selectable\" style=\"width:1200px;height:800px;margin:0 auto;margin-bottom: 0px;\"><div class=\"ls-slide\" data-ls=\"duration:1500;transition2d:11;\"><img decoding=\"async\" width=\"1200\" height=\"800\" src=\"https:\/\/agenturimb.com\/wp-content\/uploads\/2021\/01\/ser-familia-anfitriona-Agentur-IMB-2.jpg\" class=\"ls-bg\" alt=\"\" srcset=\"https:\/\/agenturimb.com\/wp-content\/uploads\/2021\/01\/ser-familia-anfitriona-Agentur-IMB-2-200x133.jpg 200w, https:\/\/agenturimb.com\/wp-content\/uploads\/2021\/01\/ser-familia-anfitriona-Agentur-IMB-2-300x200.jpg 300w, https:\/\/agenturimb.com\/wp-content\/uploads\/2021\/01\/ser-familia-anfitriona-Agentur-IMB-2-400x267.jpg 400w, https:\/\/agenturimb.com\/wp-content\/uploads\/2021\/01\/ser-familia-anfitriona-Agentur-IMB-2-600x400.jpg 600w, https:\/\/agenturimb.com\/wp-content\/uploads\/2021\/01\/ser-familia-anfitriona-Agentur-IMB-2-768x512.jpg 768w, https:\/\/agenturimb.com\/wp-content\/uploads\/2021\/01\/ser-familia-anfitriona-Agentur-IMB-2-800x533.jpg 800w, https:\/\/agenturimb.com\/wp-content\/uploads\/2021\/01\/ser-familia-anfitriona-Agentur-IMB-2-1024x683.jpg 1024w, https:\/\/agenturimb.com\/wp-content\/uploads\/2021\/01\/ser-familia-anfitriona-Agentur-IMB-2.jpg 1200w\" sizes=\"(max-width: 1200px) 100vw, 1200px\" \/><\/div><div class=\"ls-slide\" data-ls=\"duration:1500;transition2d:11;\"><img decoding=\"async\" width=\"1200\" height=\"800\" src=\"https:\/\/agenturimb.com\/wp-content\/uploads\/2021\/01\/Familia-y-cole-curso-escolar-1-Agentur-IMB.jpg\" class=\"ls-bg\" alt=\"\" srcset=\"https:\/\/agenturimb.com\/wp-content\/uploads\/2021\/01\/Familia-y-cole-curso-escolar-1-Agentur-IMB-200x133.jpg 200w, https:\/\/agenturimb.com\/wp-content\/uploads\/2021\/01\/Familia-y-cole-curso-escolar-1-Agentur-IMB-300x200.jpg 300w, https:\/\/agenturimb.com\/wp-content\/uploads\/2021\/01\/Familia-y-cole-curso-escolar-1-Agentur-IMB-400x267.jpg 400w, https:\/\/agenturimb.com\/wp-content\/uploads\/2021\/01\/Familia-y-cole-curso-escolar-1-Agentur-IMB-600x400.jpg 600w, https:\/\/agenturimb.com\/wp-content\/uploads\/2021\/01\/Familia-y-cole-curso-escolar-1-Agentur-IMB-768x512.jpg 768w, https:\/\/agenturimb.com\/wp-content\/uploads\/2021\/01\/Familia-y-cole-curso-escolar-1-Agentur-IMB-800x533.jpg 800w, https:\/\/agenturimb.com\/wp-content\/uploads\/2021\/01\/Familia-y-cole-curso-escolar-1-Agentur-IMB-1024x683.jpg 1024w, https:\/\/agenturimb.com\/wp-content\/uploads\/2021\/01\/Familia-y-cole-curso-escolar-1-Agentur-IMB.jpg 1200w\" sizes=\"(max-width: 1200px) 100vw, 1200px\" \/><\/div><div class=\"ls-slide\" data-ls=\"duration:1500;transition2d:11;\"><img decoding=\"async\" width=\"1200\" height=\"800\" src=\"https:\/\/agenturimb.com\/wp-content\/uploads\/2021\/01\/Programas-Agentur-IMB.jpg\" class=\"ls-bg\" alt=\"\" srcset=\"https:\/\/agenturimb.com\/wp-content\/uploads\/2021\/01\/Programas-Agentur-IMB-200x133.jpg 200w, https:\/\/agenturimb.com\/wp-content\/uploads\/2021\/01\/Programas-Agentur-IMB-300x200.jpg 300w, https:\/\/agenturimb.com\/wp-content\/uploads\/2021\/01\/Programas-Agentur-IMB-400x267.jpg 400w, https:\/\/agenturimb.com\/wp-content\/uploads\/2021\/01\/Programas-Agentur-IMB-600x400.jpg 600w, https:\/\/agenturimb.com\/wp-content\/uploads\/2021\/01\/Programas-Agentur-IMB-768x512.jpg 768w, https:\/\/agenturimb.com\/wp-content\/uploads\/2021\/01\/Programas-Agentur-IMB-800x533.jpg 800w, https:\/\/agenturimb.com\/wp-content\/uploads\/2021\/01\/Programas-Agentur-IMB-1024x683.jpg 1024w, https:\/\/agenturimb.com\/wp-content\/uploads\/2021\/01\/Programas-Agentur-IMB.jpg 1200w\" sizes=\"(max-width: 1200px) 100vw, 1200px\" \/><\/div><div class=\"ls-slide\" data-ls=\"duration:1500;transition2d:11;\"><img decoding=\"async\" width=\"1200\" height=\"800\" src=\"https:\/\/agenturimb.com\/wp-content\/uploads\/2021\/01\/Programas-Agentur-IMB-3.jpg\" class=\"ls-bg\" alt=\"\" srcset=\"https:\/\/agenturimb.com\/wp-content\/uploads\/2021\/01\/Programas-Agentur-IMB-3-200x133.jpg 200w, https:\/\/agenturimb.com\/wp-content\/uploads\/2021\/01\/Programas-Agentur-IMB-3-300x200.jpg 300w, https:\/\/agenturimb.com\/wp-content\/uploads\/2021\/01\/Programas-Agentur-IMB-3-400x267.jpg 400w, https:\/\/agenturimb.com\/wp-content\/uploads\/2021\/01\/Programas-Agentur-IMB-3-600x400.jpg 600w, https:\/\/agenturimb.com\/wp-content\/uploads\/2021\/01\/Programas-Agentur-IMB-3-768x512.jpg 768w, https:\/\/agenturimb.com\/wp-content\/uploads\/2021\/01\/Programas-Agentur-IMB-3-800x533.jpg 800w, https:\/\/agenturimb.com\/wp-content\/uploads\/2021\/01\/Programas-Agentur-IMB-3-1024x683.jpg 1024w, https:\/\/agenturimb.com\/wp-content\/uploads\/2021\/01\/Programas-Agentur-IMB-3.jpg 1200w\" sizes=\"(max-width: 1200px) 100vw, 1200px\" \/><\/div><div class=\"ls-slide\" data-ls=\"duration:1500;transition2d:11;\"><img decoding=\"async\" width=\"1200\" height=\"800\" src=\"https:\/\/agenturimb.com\/wp-content\/uploads\/2021\/01\/ser-familia-anfitriona-Agentur-IMB.jpg\" class=\"ls-bg\" alt=\"\" srcset=\"https:\/\/agenturimb.com\/wp-content\/uploads\/2021\/01\/ser-familia-anfitriona-Agentur-IMB-200x133.jpg 200w, https:\/\/agenturimb.com\/wp-content\/uploads\/2021\/01\/ser-familia-anfitriona-Agentur-IMB-300x200.jpg 300w, https:\/\/agenturimb.com\/wp-content\/uploads\/2021\/01\/ser-familia-anfitriona-Agentur-IMB-400x267.jpg 400w, https:\/\/agenturimb.com\/wp-content\/uploads\/2021\/01\/ser-familia-anfitriona-Agentur-IMB-600x400.jpg 600w, https:\/\/agenturimb.com\/wp-content\/uploads\/2021\/01\/ser-familia-anfitriona-Agentur-IMB-768x512.jpg 768w, https:\/\/agenturimb.com\/wp-content\/uploads\/2021\/01\/ser-familia-anfitriona-Agentur-IMB-800x533.jpg 800w, https:\/\/agenturimb.com\/wp-content\/uploads\/2021\/01\/ser-familia-anfitriona-Agentur-IMB-1024x683.jpg 1024w, https:\/\/agenturimb.com\/wp-content\/uploads\/2021\/01\/ser-familia-anfitriona-Agentur-IMB.jpg 1200w\" sizes=\"(max-width: 1200px) 100vw, 1200px\" \/><\/div><div class=\"ls-slide\" data-ls=\"duration:1500;transition2d:11;\"><img decoding=\"async\" width=\"1200\" height=\"800\" src=\"https:\/\/agenturimb.com\/wp-content\/uploads\/2021\/01\/familia-y-cole-en-verano-2-Agentur-IMB.jpg\" class=\"ls-bg\" alt=\"\" srcset=\"https:\/\/agenturimb.com\/wp-content\/uploads\/2021\/01\/familia-y-cole-en-verano-2-Agentur-IMB-200x133.jpg 200w, https:\/\/agenturimb.com\/wp-content\/uploads\/2021\/01\/familia-y-cole-en-verano-2-Agentur-IMB-300x200.jpg 300w, https:\/\/agenturimb.com\/wp-content\/uploads\/2021\/01\/familia-y-cole-en-verano-2-Agentur-IMB-400x267.jpg 400w, https:\/\/agenturimb.com\/wp-content\/uploads\/2021\/01\/familia-y-cole-en-verano-2-Agentur-IMB-600x400.jpg 600w, https:\/\/agenturimb.com\/wp-content\/uploads\/2021\/01\/familia-y-cole-en-verano-2-Agentur-IMB-768x512.jpg 768w, https:\/\/agenturimb.com\/wp-content\/uploads\/2021\/01\/familia-y-cole-en-verano-2-Agentur-IMB-800x533.jpg 800w, https:\/\/agenturimb.com\/wp-content\/uploads\/2021\/01\/familia-y-cole-en-verano-2-Agentur-IMB-1024x683.jpg 1024w, https:\/\/agenturimb.com\/wp-content\/uploads\/2021\/01\/familia-y-cole-en-verano-2-Agentur-IMB.jpg 1200w\" sizes=\"(max-width: 1200px) 100vw, 1200px\" \/><\/div><div class=\"ls-slide\" data-ls=\"duration:1500;transition2d:11;\"><img decoding=\"async\" width=\"1200\" height=\"800\" src=\"https:\/\/agenturimb.com\/wp-content\/uploads\/2021\/01\/Programas-Agentur-IMB-2.jpg\" class=\"ls-bg\" alt=\"\" srcset=\"https:\/\/agenturimb.com\/wp-content\/uploads\/2021\/01\/Programas-Agentur-IMB-2-200x133.jpg 200w, https:\/\/agenturimb.com\/wp-content\/uploads\/2021\/01\/Programas-Agentur-IMB-2-300x200.jpg 300w, https:\/\/agenturimb.com\/wp-content\/uploads\/2021\/01\/Programas-Agentur-IMB-2-400x267.jpg 400w, https:\/\/agenturimb.com\/wp-content\/uploads\/2021\/01\/Programas-Agentur-IMB-2-600x400.jpg 600w, https:\/\/agenturimb.com\/wp-content\/uploads\/2021\/01\/Programas-Agentur-IMB-2-768x512.jpg 768w, https:\/\/agenturimb.com\/wp-content\/uploads\/2021\/01\/Programas-Agentur-IMB-2-800x533.jpg 800w, https:\/\/agenturimb.com\/wp-content\/uploads\/2021\/01\/Programas-Agentur-IMB-2-1024x683.jpg 1024w, https:\/\/agenturimb.com\/wp-content\/uploads\/2021\/01\/Programas-Agentur-IMB-2.jpg 1200w\" sizes=\"(max-width: 1200px) 100vw, 1200px\" \/><\/div><div class=\"ls-slide\" data-ls=\"duration:1500;transition2d:11;\"><img decoding=\"async\" width=\"1200\" height=\"800\" src=\"https:\/\/agenturimb.com\/wp-content\/uploads\/2021\/01\/programas-a-medida-Agentur-IMB.jpg\" class=\"ls-bg\" alt=\"\" srcset=\"https:\/\/agenturimb.com\/wp-content\/uploads\/2021\/01\/programas-a-medida-Agentur-IMB-200x133.jpg 200w, https:\/\/agenturimb.com\/wp-content\/uploads\/2021\/01\/programas-a-medida-Agentur-IMB-300x200.jpg 300w, https:\/\/agenturimb.com\/wp-content\/uploads\/2021\/01\/programas-a-medida-Agentur-IMB-400x267.jpg 400w, https:\/\/agenturimb.com\/wp-content\/uploads\/2021\/01\/programas-a-medida-Agentur-IMB-600x400.jpg 600w, https:\/\/agenturimb.com\/wp-content\/uploads\/2021\/01\/programas-a-medida-Agentur-IMB-768x512.jpg 768w, https:\/\/agenturimb.com\/wp-content\/uploads\/2021\/01\/programas-a-medida-Agentur-IMB-800x533.jpg 800w, https:\/\/agenturimb.com\/wp-content\/uploads\/2021\/01\/programas-a-medida-Agentur-IMB-1024x683.jpg 1024w, https:\/\/agenturimb.com\/wp-content\/uploads\/2021\/01\/programas-a-medida-Agentur-IMB.jpg 1200w\" sizes=\"(max-width: 1200px) 100vw, 1200px\" \/><\/div><div class=\"ls-slide\" data-ls=\"duration:1500;transition2d:11;\"><img decoding=\"async\" width=\"1200\" height=\"800\" src=\"https:\/\/agenturimb.com\/wp-content\/uploads\/2021\/01\/residencia-y-cole-2-Agentur-IMB.jpg\" class=\"ls-bg\" alt=\"\" srcset=\"https:\/\/agenturimb.com\/wp-content\/uploads\/2021\/01\/residencia-y-cole-2-Agentur-IMB-200x133.jpg 200w, https:\/\/agenturimb.com\/wp-content\/uploads\/2021\/01\/residencia-y-cole-2-Agentur-IMB-300x200.jpg 300w, https:\/\/agenturimb.com\/wp-content\/uploads\/2021\/01\/residencia-y-cole-2-Agentur-IMB-400x267.jpg 400w, https:\/\/agenturimb.com\/wp-content\/uploads\/2021\/01\/residencia-y-cole-2-Agentur-IMB-600x400.jpg 600w, https:\/\/agenturimb.com\/wp-content\/uploads\/2021\/01\/residencia-y-cole-2-Agentur-IMB-768x512.jpg 768w, https:\/\/agenturimb.com\/wp-content\/uploads\/2021\/01\/residencia-y-cole-2-Agentur-IMB-800x533.jpg 800w, https:\/\/agenturimb.com\/wp-content\/uploads\/2021\/01\/residencia-y-cole-2-Agentur-IMB-1024x683.jpg 1024w, https:\/\/agenturimb.com\/wp-content\/uploads\/2021\/01\/residencia-y-cole-2-Agentur-IMB.jpg 1200w\" sizes=\"(max-width: 1200px) 100vw, 1200px\" \/><\/div><div class=\"ls-slide\" data-ls=\"duration:1500;transition2d:11;\"><img decoding=\"async\" width=\"1200\" height=\"800\" src=\"https:\/\/agenturimb.com\/wp-content\/uploads\/2021\/01\/residencia-y-cole-3-Agentur-IMB.jpg\" class=\"ls-bg\" alt=\"\" srcset=\"https:\/\/agenturimb.com\/wp-content\/uploads\/2021\/01\/residencia-y-cole-3-Agentur-IMB-200x133.jpg 200w, https:\/\/agenturimb.com\/wp-content\/uploads\/2021\/01\/residencia-y-cole-3-Agentur-IMB-300x200.jpg 300w, https:\/\/agenturimb.com\/wp-content\/uploads\/2021\/01\/residencia-y-cole-3-Agentur-IMB-400x267.jpg 400w, https:\/\/agenturimb.com\/wp-content\/uploads\/2021\/01\/residencia-y-cole-3-Agentur-IMB-600x400.jpg 600w, https:\/\/agenturimb.com\/wp-content\/uploads\/2021\/01\/residencia-y-cole-3-Agentur-IMB-768x512.jpg 768w, https:\/\/agenturimb.com\/wp-content\/uploads\/2021\/01\/residencia-y-cole-3-Agentur-IMB-800x533.jpg 800w, https:\/\/agenturimb.com\/wp-content\/uploads\/2021\/01\/residencia-y-cole-3-Agentur-IMB-1024x683.jpg 1024w, https:\/\/agenturimb.com\/wp-content\/uploads\/2021\/01\/residencia-y-cole-3-Agentur-IMB.jpg 1200w\" sizes=\"(max-width: 1200px) 100vw, 1200px\" \/><\/div><div class=\"ls-slide\" data-ls=\"duration:1500;transition2d:9;\"><img decoding=\"async\" width=\"1200\" height=\"800\" src=\"https:\/\/agenturimb.com\/wp-content\/uploads\/2021\/01\/residencia-y-cole-4-Agentur-IMB.jpg\" class=\"ls-bg\" alt=\"\" srcset=\"https:\/\/agenturimb.com\/wp-content\/uploads\/2021\/01\/residencia-y-cole-4-Agentur-IMB-200x133.jpg 200w, https:\/\/agenturimb.com\/wp-content\/uploads\/2021\/01\/residencia-y-cole-4-Agentur-IMB-300x200.jpg 300w, https:\/\/agenturimb.com\/wp-content\/uploads\/2021\/01\/residencia-y-cole-4-Agentur-IMB-400x267.jpg 400w, https:\/\/agenturimb.com\/wp-content\/uploads\/2021\/01\/residencia-y-cole-4-Agentur-IMB-600x400.jpg 600w, https:\/\/agenturimb.com\/wp-content\/uploads\/2021\/01\/residencia-y-cole-4-Agentur-IMB-768x512.jpg 768w, https:\/\/agenturimb.com\/wp-content\/uploads\/2021\/01\/residencia-y-cole-4-Agentur-IMB-800x533.jpg 800w, https:\/\/agenturimb.com\/wp-content\/uploads\/2021\/01\/residencia-y-cole-4-Agentur-IMB-1024x683.jpg 1024w, https:\/\/agenturimb.com\/wp-content\/uploads\/2021\/01\/residencia-y-cole-4-Agentur-IMB.jpg 1200w\" sizes=\"(max-width: 1200px) 100vw, 1200px\" \/><\/div><\/div><\/div><\/div><\/div><\/div><div class=\"fusion-fullwidth fullwidth-box fusion-builder-row-3 fusion-flex-container nonhundred-percent-fullwidth non-hundred-percent-height-scrolling\" style=\"--awb-background-position:left top;--awb-border-sizes-top:0px;--awb-border-sizes-bottom:0px;--awb-border-sizes-left:0px;--awb-border-sizes-right:0px;--awb-border-radius-top-left:0px;--awb-border-radius-top-right:0px;--awb-border-radius-bottom-right:0px;--awb-border-radius-bottom-left:0px;--awb-padding-top:25px;--awb-padding-bottom:20px;--awb-background-color:#e2a900;--awb-flex-wrap:wrap;\" ><div class=\"fusion-builder-row fusion-row fusion-flex-align-items-flex-start fusion-flex-content-wrap\" style=\"max-width:1216.8px;margin-left: calc(-4% \/ 2 );margin-right: calc(-4% \/ 2 );\"><div class=\"fusion-layout-column fusion_builder_column fusion-builder-column-5 fusion_builder_column_1_5 1_5 fusion-flex-column\" style=\"--awb-bg-size:cover;--awb-width-large:20%;--awb-margin-top-large:0px;--awb-spacing-right-large:9.6%;--awb-margin-bottom-large:20px;--awb-spacing-left-large:9.6%;--awb-width-medium:100%;--awb-spacing-right-medium:1.92%;--awb-spacing-left-medium:1.92%;--awb-width-small:100%;--awb-spacing-right-small:1.92%;--awb-spacing-left-small:1.92%;\"><div class=\"fusion-column-wrapper fusion-flex-justify-content-flex-start fusion-content-layout-column\"><div class=\"fusion-separator fusion-full-width-sep\" style=\"align-self: center;margin-left: auto;margin-right: auto;margin-top:43px;margin-bottom:0px;width:100%;\"><div class=\"fusion-separator-border sep-single sep-solid\" style=\"--awb-height:20px;--awb-amount:20px;--awb-sep-color:rgba(255,255,255,.4);border-color:rgba(255,255,255,.4);border-top-width:1px;\"><\/div><\/div><\/div><\/div><div class=\"fusion-layout-column fusion_builder_column fusion-builder-column-6 fusion_builder_column_3_5 3_5 fusion-flex-column\" style=\"--awb-bg-size:cover;--awb-width-large:60%;--awb-margin-top-large:0px;--awb-spacing-right-large:3.2%;--awb-margin-bottom-large:20px;--awb-spacing-left-large:3.2%;--awb-width-medium:100%;--awb-spacing-right-medium:1.92%;--awb-spacing-left-medium:1.92%;--awb-width-small:100%;--awb-spacing-right-small:1.92%;--awb-spacing-left-small:1.92%;\"><div class=\"fusion-column-wrapper fusion-flex-justify-content-flex-start fusion-content-layout-column\"><div class=\"fusion-separator fusion-full-width-sep\" style=\"align-self: center;margin-left: auto;margin-right: auto;margin-top:14px;margin-bottom:0px;width:100%;\"><\/div><div style=\"text-align:center;\"><a class=\"fusion-button button-flat button-xlarge button-custom fusion-button-default button-1 fusion-button-default-span \" style=\"--button_accent_color:rgba(255,255,255,.6);--button_border_color:rgba(255,255,255,.6);--button_accent_hover_color:rgba(255,255,255,.9);--button_border_hover_color:rgba(255,255,255,.9);--button_border_width-top:1px;--button_border_width-right:1px;--button_border_width-bottom:1px;--button_border_width-left:1px;--button_gradient_top_color:rgba(255,255,255,0);--button_gradient_bottom_color:rgba(255,255,255,0);--button_gradient_top_color_hover:rgba(255, 255, 255, 0.09);--button_gradient_bottom_color_hover:rgba(255, 255, 255, 0.09);\" target=\"_blank\" rel=\"noopener noreferrer\" href=\"https:\/\/agenturimb.com\/de\/kontakt\/\"><span class=\"fusion-button-text awb-button__text awb-button__text--default\"> Kontaktieren Sie uns f\u00fcr weitere Informationen<\/span><\/a><\/div><\/div><\/div><div class=\"fusion-layout-column fusion_builder_column fusion-builder-column-7 fusion_builder_column_1_5 1_5 fusion-flex-column\" style=\"--awb-bg-size:cover;--awb-width-large:20%;--awb-margin-top-large:0px;--awb-spacing-right-large:9.6%;--awb-margin-bottom-large:20px;--awb-spacing-left-large:9.6%;--awb-width-medium:100%;--awb-spacing-right-medium:1.92%;--awb-spacing-left-medium:1.92%;--awb-width-small:100%;--awb-spacing-right-small:1.92%;--awb-spacing-left-small:1.92%;\"><div class=\"fusion-column-wrapper fusion-flex-justify-content-flex-start fusion-content-layout-column\"><div class=\"fusion-separator fusion-full-width-sep\" style=\"align-self: center;margin-left: auto;margin-right: auto;margin-top:43px;margin-bottom:0px;width:100%;\"><div class=\"fusion-separator-border sep-single sep-solid\" style=\"--awb-height:20px;--awb-amount:20px;--awb-sep-color:rgba(255,255,255,.4);border-color:rgba(255,255,255,.4);border-top-width:1px;\"><\/div><\/div><\/div><\/div><\/div><\/div><\/p>\n","protected":false},"excerpt":{"rendered":"","protected":false},"author":1,"featured_media":0,"parent":0,"menu_order":0,"comment_status":"open","ping_status":"open","template":"100-width.php","meta":{"_acf_changed":false,"_glsr_average":0,"_glsr_ranking":0,"_glsr_reviews":0,"footnotes":""},"class_list":["post-13706","page","type-page","status-publish","hentry"],"acf":[],"_links":{"self":[{"href":"https:\/\/agenturimb.com\/de\/wp-json\/wp\/v2\/pages\/13706","targetHints":{"allow":["GET"]}}],"collection":[{"href":"https:\/\/agenturimb.com\/de\/wp-json\/wp\/v2\/pages"}],"about":[{"href":"https:\/\/agenturimb.com\/de\/wp-json\/wp\/v2\/types\/page"}],"author":[{"embeddable":true,"href":"https:\/\/agenturimb.com\/de\/wp-json\/wp\/v2\/users\/1"}],"replies":[{"embeddable":true,"href":"https:\/\/agenturimb.com\/de\/wp-json\/wp\/v2\/comments?post=13706"}],"version-history":[{"count":14,"href":"https:\/\/agenturimb.com\/de\/wp-json\/wp\/v2\/pages\/13706\/revisions"}],"predecessor-version":[{"id":13843,"href":"https:\/\/agenturimb.com\/de\/wp-json\/wp\/v2\/pages\/13706\/revisions\/13843"}],"wp:attachment":[{"href":"https:\/\/agenturimb.com\/de\/wp-json\/wp\/v2\/media?parent=13706"}],"curies":[{"name":"wp","href":"https:\/\/api.w.org\/{rel}","templated":true}]}}