{"id":13459,"date":"2021-01-18T17:06:31","date_gmt":"2021-01-18T16:06:31","guid":{"rendered":"http:\/\/webideas.es\/agenturimb\/?page_id=13459"},"modified":"2024-09-25T10:11:29","modified_gmt":"2024-09-25T08:11:29","slug":"aviso-legal","status":"publish","type":"page","link":"https:\/\/agenturimb.com\/es\/aviso-legal\/","title":{"rendered":"Aviso Legal"},"content":{"rendered":"<div class=\"fusion-fullwidth fullwidth-box fusion-builder-row-1 fusion-flex-container nonhundred-percent-fullwidth non-hundred-percent-height-scrolling\" style=\"--awb-border-radius-top-left:0px;--awb-border-radius-top-right:0px;--awb-border-radius-bottom-right:0px;--awb-border-radius-bottom-left:0px;--awb-flex-wrap:wrap;\" ><div class=\"fusion-builder-row fusion-row fusion-flex-align-items-flex-start fusion-flex-content-wrap\" style=\"max-width:1216.8px;margin-left: calc(-4% \/ 2 );margin-right: calc(-4% \/ 2 );\"><div class=\"fusion-layout-column fusion_builder_column fusion-builder-column-0 fusion_builder_column_1_1 1_1 fusion-flex-column\" style=\"--awb-bg-size:cover;--awb-width-large:100%;--awb-margin-top-large:0px;--awb-spacing-right-large:1.92%;--awb-margin-bottom-large:20px;--awb-spacing-left-large:1.92%;--awb-width-medium:100%;--awb-order-medium:0;--awb-spacing-right-medium:1.92%;--awb-spacing-left-medium:1.92%;--awb-width-small:100%;--awb-order-small:0;--awb-spacing-right-small:1.92%;--awb-spacing-left-small:1.92%;\"><div class=\"fusion-column-wrapper fusion-column-has-shadow fusion-flex-justify-content-flex-start fusion-content-layout-column\"><div class=\"fusion-text fusion-text-1\"><p style=\"text-align: justify;\">De conformidad con lo establecido en la Ley Org\u00e1nica 3\/2018, de 5 de diciembre, de Protecci\u00f3n de Datos Personales y garant\u00eda de los derechos digitales, le informamos que <strong>Agentur IMB<\/strong> \u00a0con\u00a0 <strong>N\u00famero de Registro DE252911713<\/strong> y direcci\u00f3n social en Ri\u00dffeldstra\u00dfe 16A, 82256 F\u00fcrstenfeldbruck, Alemania, tratamos la informaci\u00f3n que nos facilita con el fin de prestarles el servicio solicitado y realizar la facturaci\u00f3n del mismo. Para poder prestarles el servicio solicitado Agentur IMB intercambiar\u00e1 los datos presentado en el formulario de inscripci\u00f3n con los coordinadores y las posibles familias de acogida.<\/p>\n<p style=\"text-align: justify;\">Los datos proporcionados se conservar\u00e1n\u00a0en nuestra base de datos y no se ceder\u00e1n a terceros, si no existe ninguna obligaci\u00f3n legal y en ning\u00fan caso con fines comerciales. Si as\u00ed lo desea, y sin\u00a0 tener que presentar ninguna alegaci\u00f3n, puede solicitar que destruyamos los datos una vez haya finalizado el programa contratado.<\/p>\n<p style=\"text-align: justify;\">Asimismo y, de acuerdo con lo establecido en la Ley 34\/2002, de 11 de junio, de Servicios de la Sociedad de la Informaci\u00f3n y de Comercio electr\u00f3nico, solicitamos su consentimiento expreso para poder comunicarnos con Vd\u00a0\u00a0 y ofrecerles o solicitarles colaboraci\u00f3n en casos que consideremos que puedan ser de su inter\u00e9s, por correo electr\u00f3nico o por cualquier otro medio de comunicaci\u00f3n electr\u00f3nica equivalente. Por otro lado, Agentur IMB se compromete a no enviar publicidad de ning\u00fan tipo a trav\u00e9s del correo electr\u00f3nico.<\/p>\n<p style=\"text-align: justify;\">As\u00ed mismo se informa al Usuario que en cualquier momento puede ejercitar los derechos de acceso, rectificaci\u00f3n, cancelaci\u00f3n y oposici\u00f3n reconocidos en la Ley Org\u00e1nica15\/1999, de 13 de Diciembre de 1999, de Protecci\u00f3n de Datos de Car\u00e1cter Personal, notific\u00e1ndolo por escrito a la Agentur IMB. Podr\u00e1 dirigir sus comunicaciones y ejercitar los derechos de acceso, rectificaci\u00f3n, cancelaci\u00f3n y oposici\u00f3n a trav\u00e9s de correo postal a Agentur IMB, Ri\u00dffeldstra\u00dfe 16A, 82256 F\u00fcrstenfeldbruck junto con prueba v\u00e1lida en derecho, como fotocopia del DNI o a trav\u00e9s de correo electr\u00f3nico a info@agenturimb.com indicando en el asunto \u201cPROTECCION DE DATOS\u201d.<\/p>\n<p style=\"text-align: justify;\">Todos los datos personales almacenados en nuestro sistema inform\u00e1tico se mantendr\u00e1n, al menos, mientras dure el programa contratado y, de no pedirlo de forma expl\u00edcita el Usuario, se conservar\u00e1n durante el tiempo que IMB considere que los mismos pueden servir para poder ofrecer de forma individual y directa cualquier colaboraci\u00f3n futura.<\/p>\n<p style=\"text-align: justify;\">Agentur IMB y el usuario se regir\u00e1n por la legislaci\u00f3n alemana para cuantas cuestiones pudieran suscitarse o acciones ejercitarse derivadas del funcionamiento de la p\u00e1gina web, sus servicios y contenidos y sobre la interpretaci\u00f3n, aplicaci\u00f3n, cumplimiento o incumplimiento de lo aqu\u00ed establecido y se someten de forma expresa a los Juzgados y Tribunales de F\u00fcrstenfeldbruck, con renuncia expresa a cualquier otro fuero que les fuera de aplicaci\u00f3n<\/p>\n<p style=\"text-align: justify;\">Actualizaci\u00f3n 25.09.2024<\/p>\n<\/div><\/div><\/div><\/div><\/div>\n","protected":false},"excerpt":{"rendered":"","protected":false},"author":1,"featured_media":0,"parent":0,"menu_order":0,"comment_status":"closed","ping_status":"closed","template":"","meta":{"_acf_changed":false,"_glsr_average":0,"_glsr_ranking":0,"_glsr_reviews":0,"footnotes":""},"class_list":["post-13459","page","type-page","status-publish","hentry"],"acf":[],"_links":{"self":[{"href":"https:\/\/agenturimb.com\/es\/wp-json\/wp\/v2\/pages\/13459","targetHints":{"allow":["GET"]}}],"collection":[{"href":"https:\/\/agenturimb.com\/es\/wp-json\/wp\/v2\/pages"}],"about":[{"href":"https:\/\/agenturimb.com\/es\/wp-json\/wp\/v2\/types\/page"}],"author":[{"embeddable":true,"href":"https:\/\/agenturimb.com\/es\/wp-json\/wp\/v2\/users\/1"}],"replies":[{"embeddable":true,"href":"https:\/\/agenturimb.com\/es\/wp-json\/wp\/v2\/comments?post=13459"}],"version-history":[{"count":3,"href":"https:\/\/agenturimb.com\/es\/wp-json\/wp\/v2\/pages\/13459\/revisions"}],"predecessor-version":[{"id":13960,"href":"https:\/\/agenturimb.com\/es\/wp-json\/wp\/v2\/pages\/13459\/revisions\/13960"}],"wp:attachment":[{"href":"https:\/\/agenturimb.com\/es\/wp-json\/wp\/v2\/media?parent=13459"}],"curies":[{"name":"wp","href":"https:\/\/api.w.org\/{rel}","templated":true}]}}